{"id":242,"date":"2021-04-12T14:48:26","date_gmt":"2021-04-12T14:48:26","guid":{"rendered":"http:\/\/bmmaf.org\/vision-copy\/"},"modified":"2024-12-05T12:49:30","modified_gmt":"2024-12-05T12:49:30","slug":"bmmaf-team","status":"publish","type":"page","link":"https:\/\/bmmaf.org\/fr\/bmmaf-team\/","title":{"rendered":"BMMAF Team"},"content":{"rendered":"<!--themify_builder_content-->\n<div id=\"themify_builder_content-242\" data-postid=\"242\" class=\"themify_builder_content themify_builder_content-242 themify_builder tf_clear\">\n                    <div  data-css_id=\"ty9r839\" data-lazy=\"1\" class=\"module_row themify_builder_row fullwidth tb_ty9r839 tb_first tf_w\">\n            <span  class=\"builder_row_cover tf_abs\" data-lazy=\"1\"><\/span>            <div class=\"row_inner col_align_top tb_col_count_1 tf_box tf_rel\">\n                        <div  data-lazy=\"1\" class=\"module_column tb-column col-full tb_nr6a840 first\">\n                            <\/div>\n                        <\/div>\n        <\/div>\n                        <div  data-anchor=\"board\" data-lazy=\"1\" class=\"module_row themify_builder_row tb_has_section tb_section-board tb_niw2839 tf_w\">\n                        <div class=\"row_inner col_align_top tb_col_count_1 tf_box tf_rel\">\n                        <div  data-lazy=\"1\" class=\"module_column tb-column col-full tb_m8be842 first\">\n                    <!-- module text -->\n<div  class=\"module module-text tb_7liq842   \" data-lazy=\"1\">\n        <div  class=\"tb_text_wrap\">\n        <p><h5-page-header>The Team<\/h5-page-header><\/p>    <\/div>\n<\/div>\n<!-- \/module text -->        <\/div>\n                        <\/div>\n        <\/div>\n                        <div  data-anchor=\"board\" data-lazy=\"1\" class=\"module_row themify_builder_row tb_has_section tb_section-board tb_fnz9839 tf_w\">\n                        <div class=\"row_inner col_align_top tb_col_count_3 tf_box tf_rel\">\n                        <div  data-lazy=\"1\" class=\"module_column tb-column col3-1 tb_yskr842 first\">\n                    <!-- module image -->\n<div  class=\"module module-image tb_1b8c842 image-top   active-caption-hover tf_mw\" data-lazy=\"1\">\n        <div class=\"image-wrap tf_rel tf_mw\">\n            <img loading=\"lazy\" decoding=\"async\" src=\"http:\/\/bmmaf.org\/wp-content\/uploads\/2021\/06\/ludovic-boulvin-profile.jpg\" width=\"1079\" height=\"1079\" title=\"Ludo Boulvin\" alt=\"President \/ General Management\">    \n        <\/div>\n    <!-- \/image-wrap -->\n    \n        <div class=\"image-content\">\n                    <h3 class=\"image-title\">\n                                    Ludo Boulvin                            <\/h3>\n                        <div class=\"image-caption tb_text_wrap\">\n             President \/ General Management        <\/div>\n        <!-- \/image-caption -->\n            <\/div>\n    <!-- \/image-content -->\n        <\/div>\n<!-- \/module image --><!-- module accordion -->\n<div  class=\"module module-accordion tb_kdw6843 \" data-behavior=\"toggle\" data-lazy=\"1\">\n    \n    <ul class=\"ui module-accordion   transparent\">\n            <li>\n            <div class=\"accordion-title tf_rel\">\n                <a href=\"#acc-kdw6843-0\" class=\"tb_title_accordion\" aria-controls=\"acc-kdw6843-0-content\" aria-expanded=\"false\">\n                    <i class=\"accordion-icon\"><svg  class=\"tf_fa tf-ti-plus\" xmlns:xlink=\"http:\/\/www.w3.org\/1999\/xlink\" aria-hidden=\"true\"><use href=\"#tf-ti-plus\" xlink:href=\"#tf-ti-plus\"><\/use><\/svg><\/i>                    <i class=\"accordion-active-icon tf_hide\"><svg  class=\"tf_fa tf-ti-minus\" xmlns:xlink=\"http:\/\/www.w3.org\/1999\/xlink\" aria-hidden=\"true\"><use href=\"#tf-ti-minus\" xlink:href=\"#tf-ti-minus\"><\/use><\/svg><\/i>                    <span class=\"accordion-title-wrap\">BIO<\/span>                <\/a>\n            <\/div><!-- .accordion-title -->\n            <div id=\"acc-kdw6843-0-content\" data-id=\"acc-kdw6843-0\" aria-hidden=\"true\" class=\"accordion-content tf_hide tf_clearfix\">\n                                    <div class=\"tb_text_wrap\">\n                        <p>Pionnier du MMA en Belgique, il est un ancien combattant professionnel de MMA et est un \u00e9l\u00e8ve direct de Vitor Shaolin Ribeiro (multiple champion\u00a0du monde de BJJ, Shooto\u2026). Malgr\u00e9 l\u2019absence d\u2019un coach en Belgique, il a obtenu plusieurs titres lors de sa carri\u00e8re (champion de Belgique,\u00a0champion d&#8217;Europe de Shooto amateur, championnats du monde Pankration). Il a fond\u00e9 la f\u00e9d\u00e9ration en 2006 et travaille depuis lors \u00e0 favoriser le\u00a0d\u00e9veloppement d\u2019une structure qui lui a manqu\u00e9 lors de sa carri\u00e8re.<\/p>\n<p>Il a trouv\u00e9 dans le MMA la discipline, le courage et la motivation n\u00e9cessaires au d\u00e9veloppement de chacun. Ces qualit\u00e9 lui ont \u00e9galement permis d\u2019\u00a0\u00e9voluer professionnellement, il est \u00e0 pr\u00e9sent Directeur (Corporate Digital Channels) dans une entreprise internationale.<\/p>                    <\/div>\n                            <\/div><!-- .accordion-content -->\n        <\/li>\n        <\/ul>\n\n<\/div><!-- \/module accordion -->        <\/div>\n                    <div  data-lazy=\"1\" class=\"module_column tb-column col3-1 tb_w8ev843\">\n                    <!-- module image -->\n<div  class=\"module module-image tb_50n0843 image-top   active-caption-hover tf_mw\" data-lazy=\"1\">\n        <div class=\"image-wrap tf_rel tf_mw\">\n            <img loading=\"lazy\" decoding=\"async\" src=\"http:\/\/bmmaf.org\/wp-content\/uploads\/2021\/06\/tommy-depret-profile.jpg\" width=\"1079\" height=\"1079\" title=\"Tommy Depret\" alt=\"Vice President \/ National Team Head Coach\">    \n        <\/div>\n    <!-- \/image-wrap -->\n    \n        <div class=\"image-content\">\n                    <h3 class=\"image-title\">\n                                    Tommy Depret                            <\/h3>\n                        <div class=\"image-caption tb_text_wrap\">\n            Vice President \/ National Team Head Coach        <\/div>\n        <!-- \/image-caption -->\n            <\/div>\n    <!-- \/image-content -->\n        <\/div>\n<!-- \/module image --><!-- module accordion -->\n<div  class=\"module module-accordion tb_z6kc843 \" data-behavior=\"toggle\" data-lazy=\"1\">\n    \n    <ul class=\"ui module-accordion   transparent\">\n            <li>\n            <div class=\"accordion-title tf_rel\">\n                <a href=\"#acc-z6kc843-0\" class=\"tb_title_accordion\" aria-controls=\"acc-z6kc843-0-content\" aria-expanded=\"false\">\n                    <i class=\"accordion-icon\"><svg  class=\"tf_fa tf-ti-plus\" xmlns:xlink=\"http:\/\/www.w3.org\/1999\/xlink\" aria-hidden=\"true\"><use href=\"#tf-ti-plus\" xlink:href=\"#tf-ti-plus\"><\/use><\/svg><\/i>                    <i class=\"accordion-active-icon tf_hide\"><svg  class=\"tf_fa tf-ti-minus\" xmlns:xlink=\"http:\/\/www.w3.org\/1999\/xlink\" aria-hidden=\"true\"><use href=\"#tf-ti-minus\" xlink:href=\"#tf-ti-minus\"><\/use><\/svg><\/i>                    <span class=\"accordion-title-wrap\">BIO<\/span>                <\/a>\n            <\/div><!-- .accordion-title -->\n            <div id=\"acc-z6kc843-0-content\" data-id=\"acc-z6kc843-0\" aria-hidden=\"true\" class=\"accordion-content tf_hide tf_clearfix\">\n                                    <div class=\"tb_text_wrap\">\n                        <p>Tommy Depret, \u00e9galement connu sous le nom de &#8220;The Unbreakable&#8221;, est un ancien combattant professionnel de MMA. Au cours de sa carri\u00e8re, il a\u00a0obtenu de nombreux titres: champion de Belgique, champion d&#8217;Europe et vice-champion du monde (Shooto).Il a combattu dans des \u00e9v\u00e9nements\u00a0majeurs comme Jungle Fight, M-1, Shooto Brazil, Glory, Fightor et Cage Warriors et a battu \u00e0 plusieurs reprises des v\u00e9t\u00e9rans de l&#8217;UFC (David\u00a0Bielkheden, Roan Carneiro et John Maguire, entre autres). Il est \u00e9galement le Head Coach de l\u2019\u00e9quipe nationale, en charge de la s\u00e9lection et de\u00a0l\u2019encadrement des meilleurs talents belges.<\/p>                    <\/div>\n                            <\/div><!-- .accordion-content -->\n        <\/li>\n        <\/ul>\n\n<\/div><!-- \/module accordion -->        <\/div>\n                    <div  data-lazy=\"1\" class=\"module_column tb-column col3-1 tb_j06j843 last\">\n                    <!-- module image -->\n<div  class=\"module module-image tb_ktzs844 image-top   tf_mw\" data-lazy=\"1\">\n        <div class=\"image-wrap tf_rel tf_mw\">\n            <img loading=\"lazy\" decoding=\"async\" src=\"http:\/\/bmmaf.org\/wp-content\/uploads\/2021\/06\/mechel-goessens-profile.jpg\" width=\"1079\" height=\"1079\" title=\"Mechel Goessens\" alt=\"Treasury \/ Gyms &amp; Athletes Management, MMA Girls\">    \n        <\/div>\n    <!-- \/image-wrap -->\n    \n        <div class=\"image-content\">\n                    <h3 class=\"image-title\">\n                                    Mechel Goessens                            <\/h3>\n                        <div class=\"image-caption tb_text_wrap\">\n            Treasury \/ Gyms &#038; Athletes Management, MMA Girls        <\/div>\n        <!-- \/image-caption -->\n            <\/div>\n    <!-- \/image-content -->\n        <\/div>\n<!-- \/module image --><!-- module accordion -->\n<div  class=\"module module-accordion tb_fdpu844 \" data-behavior=\"toggle\" data-lazy=\"1\">\n    \n    <ul class=\"ui module-accordion   transparent\">\n            <li>\n            <div class=\"accordion-title tf_rel\">\n                <a href=\"#acc-fdpu844-0\" class=\"tb_title_accordion\" aria-controls=\"acc-fdpu844-0-content\" aria-expanded=\"false\">\n                    <i class=\"accordion-icon\"><svg  class=\"tf_fa tf-ti-plus\" xmlns:xlink=\"http:\/\/www.w3.org\/1999\/xlink\" aria-hidden=\"true\"><use href=\"#tf-ti-plus\" xlink:href=\"#tf-ti-plus\"><\/use><\/svg><\/i>                    <i class=\"accordion-active-icon tf_hide\"><svg  class=\"tf_fa tf-ti-minus\" xmlns:xlink=\"http:\/\/www.w3.org\/1999\/xlink\" aria-hidden=\"true\"><use href=\"#tf-ti-minus\" xlink:href=\"#tf-ti-minus\"><\/use><\/svg><\/i>                    <span class=\"accordion-title-wrap\">BIO<\/span>                <\/a>\n            <\/div><!-- .accordion-title -->\n            <div id=\"acc-fdpu844-0-content\" data-id=\"acc-fdpu844-0\" aria-hidden=\"true\" class=\"accordion-content tf_hide tf_clearfix\">\n                                    <div class=\"tb_text_wrap\">\n                        <p>Mechel a commenc\u00e9 \u00e0 pratiquer le MMA apr\u00e8s une rencontre avec Ludo Boulvin lors d\u2019une mission en tant que consultante au sein de leur milieu\u00a0professionnel. Intrigu\u00e9e par sa passion pour la discipline, elle a rejoint la Vitor Shaolin Team et a commenc\u00e9 \u00e0 partager cette passion, elle est<br \/>maintenant comp\u00e9titrice de MMA amateur en Belgique et soutien la f\u00e9d\u00e9ration en s\u2019occupant des affiliations clubs et athl\u00e8tes et en organisant des\u00a0initiatives pour promouvoir le sport de MMA pour les filles.. Dans la vie professionnelle, elle est Key Account Manager pour une entreprise\u00a0internationale.<\/p>                    <\/div>\n                            <\/div><!-- .accordion-content -->\n        <\/li>\n        <\/ul>\n\n<\/div><!-- \/module accordion -->        <\/div>\n                        <\/div>\n        <\/div>\n                        <div  data-lazy=\"1\" class=\"module_row themify_builder_row tb_9roh839 tf_w\">\n                        <div class=\"row_inner col_align_top tb_col_count_3 tf_box tf_rel\">\n                        <div  data-lazy=\"1\" class=\"module_column tb-column col3-1 tb_0fob844 first\">\n                            <\/div>\n                    <div  data-lazy=\"1\" class=\"module_column tb-column col3-1 tb_md99845\">\n                            <\/div>\n                    <div  data-lazy=\"1\" class=\"module_column tb-column col3-1 tb_90rq845 last\">\n                            <\/div>\n                        <\/div>\n        <\/div>\n        <\/div>\n<!--\/themify_builder_content-->","protected":false},"excerpt":{"rendered":"<p>The Team<\/p>\n","protected":false},"author":3,"featured_media":0,"parent":0,"menu_order":0,"comment_status":"closed","ping_status":"closed","template":"","meta":{"iawp_total_views":1546,"footnotes":""},"class_list":["post-242","page","type-page","status-publish","hentry","has-post-title","has-post-date","has-post-category","has-post-tag","has-post-comment","has-post-author",""],"yoast_head":"<!-- This site is optimized with the Yoast SEO plugin v27.4 - https:\/\/yoast.com\/product\/yoast-seo-wordpress\/ -->\n<title>BMMAF Team - Belgian Mixed Martial Arts Federation<\/title>\n<meta name=\"robots\" content=\"index, follow, max-snippet:-1, max-image-preview:large, max-video-preview:-1\" \/>\n<link rel=\"canonical\" href=\"https:\/\/bmmaf.org\/fr\/bmmaf-team\/\" \/>\n<meta property=\"og:locale\" content=\"fr_FR\" \/>\n<meta property=\"og:type\" content=\"article\" \/>\n<meta property=\"og:title\" content=\"BMMAF Team - Belgian Mixed Martial Arts Federation\" \/>\n<meta property=\"og:description\" content=\"The Team\" \/>\n<meta property=\"og:url\" content=\"https:\/\/bmmaf.org\/fr\/bmmaf-team\/\" \/>\n<meta property=\"og:site_name\" content=\"Belgian Mixed Martial Arts Federation\" \/>\n<meta property=\"article:modified_time\" content=\"2024-12-05T12:49:30+00:00\" \/>\n<meta name=\"twitter:card\" content=\"summary_large_image\" \/>\n<script type=\"application\/ld+json\" class=\"yoast-schema-graph\">{\"@context\":\"https:\\\/\\\/schema.org\",\"@graph\":[{\"@type\":\"WebPage\",\"@id\":\"https:\\\/\\\/bmmaf.org\\\/bmmaf-team\\\/\",\"url\":\"https:\\\/\\\/bmmaf.org\\\/bmmaf-team\\\/\",\"name\":\"BMMAF Team - Belgian Mixed Martial Arts Federation\",\"isPartOf\":{\"@id\":\"https:\\\/\\\/bmmaf.org\\\/fr\\\/#website\"},\"datePublished\":\"2021-04-12T14:48:26+00:00\",\"dateModified\":\"2024-12-05T12:49:30+00:00\",\"breadcrumb\":{\"@id\":\"https:\\\/\\\/bmmaf.org\\\/bmmaf-team\\\/#breadcrumb\"},\"inLanguage\":\"fr-BE\",\"potentialAction\":[{\"@type\":\"ReadAction\",\"target\":[\"https:\\\/\\\/bmmaf.org\\\/bmmaf-team\\\/\"]}]},{\"@type\":\"BreadcrumbList\",\"@id\":\"https:\\\/\\\/bmmaf.org\\\/bmmaf-team\\\/#breadcrumb\",\"itemListElement\":[{\"@type\":\"ListItem\",\"position\":1,\"name\":\"Home\",\"item\":\"https:\\\/\\\/bmmaf.org\\\/fr\\\/\"},{\"@type\":\"ListItem\",\"position\":2,\"name\":\"BMMAF Team\"}]},{\"@type\":\"WebSite\",\"@id\":\"https:\\\/\\\/bmmaf.org\\\/fr\\\/#website\",\"url\":\"https:\\\/\\\/bmmaf.org\\\/fr\\\/\",\"name\":\"Belgian Mixed Martial Arts Federation\",\"description\":\"\",\"publisher\":{\"@id\":\"https:\\\/\\\/bmmaf.org\\\/fr\\\/#organization\"},\"potentialAction\":[{\"@type\":\"SearchAction\",\"target\":{\"@type\":\"EntryPoint\",\"urlTemplate\":\"https:\\\/\\\/bmmaf.org\\\/fr\\\/?s={search_term_string}\"},\"query-input\":{\"@type\":\"PropertyValueSpecification\",\"valueRequired\":true,\"valueName\":\"search_term_string\"}}],\"inLanguage\":\"fr-BE\"},{\"@type\":\"Organization\",\"@id\":\"https:\\\/\\\/bmmaf.org\\\/fr\\\/#organization\",\"name\":\"BMMAF\",\"url\":\"https:\\\/\\\/bmmaf.org\\\/fr\\\/\",\"logo\":{\"@type\":\"ImageObject\",\"inLanguage\":\"fr-BE\",\"@id\":\"https:\\\/\\\/bmmaf.org\\\/fr\\\/#\\\/schema\\\/logo\\\/image\\\/\",\"url\":\"https:\\\/\\\/bmmaf.org\\\/wp-content\\\/uploads\\\/2021\\\/04\\\/logo-icon.svg\",\"contentUrl\":\"https:\\\/\\\/bmmaf.org\\\/wp-content\\\/uploads\\\/2021\\\/04\\\/logo-icon.svg\",\"width\":1,\"height\":1,\"caption\":\"BMMAF\"},\"image\":{\"@id\":\"https:\\\/\\\/bmmaf.org\\\/fr\\\/#\\\/schema\\\/logo\\\/image\\\/\"}}]}<\/script>\n<!-- \/ Yoast SEO plugin. -->","yoast_head_json":{"title":"BMMAF Team - Belgian Mixed Martial Arts Federation","robots":{"index":"index","follow":"follow","max-snippet":"max-snippet:-1","max-image-preview":"max-image-preview:large","max-video-preview":"max-video-preview:-1"},"canonical":"https:\/\/bmmaf.org\/fr\/bmmaf-team\/","og_locale":"fr_FR","og_type":"article","og_title":"BMMAF Team - Belgian Mixed Martial Arts Federation","og_description":"The Team","og_url":"https:\/\/bmmaf.org\/fr\/bmmaf-team\/","og_site_name":"Belgian Mixed Martial Arts Federation","article_modified_time":"2024-12-05T12:49:30+00:00","twitter_card":"summary_large_image","schema":{"@context":"https:\/\/schema.org","@graph":[{"@type":"WebPage","@id":"https:\/\/bmmaf.org\/bmmaf-team\/","url":"https:\/\/bmmaf.org\/bmmaf-team\/","name":"BMMAF Team - Belgian Mixed Martial Arts Federation","isPartOf":{"@id":"https:\/\/bmmaf.org\/fr\/#website"},"datePublished":"2021-04-12T14:48:26+00:00","dateModified":"2024-12-05T12:49:30+00:00","breadcrumb":{"@id":"https:\/\/bmmaf.org\/bmmaf-team\/#breadcrumb"},"inLanguage":"fr-BE","potentialAction":[{"@type":"ReadAction","target":["https:\/\/bmmaf.org\/bmmaf-team\/"]}]},{"@type":"BreadcrumbList","@id":"https:\/\/bmmaf.org\/bmmaf-team\/#breadcrumb","itemListElement":[{"@type":"ListItem","position":1,"name":"Home","item":"https:\/\/bmmaf.org\/fr\/"},{"@type":"ListItem","position":2,"name":"BMMAF Team"}]},{"@type":"WebSite","@id":"https:\/\/bmmaf.org\/fr\/#website","url":"https:\/\/bmmaf.org\/fr\/","name":"Belgian Mixed Martial Arts Federation","description":"","publisher":{"@id":"https:\/\/bmmaf.org\/fr\/#organization"},"potentialAction":[{"@type":"SearchAction","target":{"@type":"EntryPoint","urlTemplate":"https:\/\/bmmaf.org\/fr\/?s={search_term_string}"},"query-input":{"@type":"PropertyValueSpecification","valueRequired":true,"valueName":"search_term_string"}}],"inLanguage":"fr-BE"},{"@type":"Organization","@id":"https:\/\/bmmaf.org\/fr\/#organization","name":"BMMAF","url":"https:\/\/bmmaf.org\/fr\/","logo":{"@type":"ImageObject","inLanguage":"fr-BE","@id":"https:\/\/bmmaf.org\/fr\/#\/schema\/logo\/image\/","url":"https:\/\/bmmaf.org\/wp-content\/uploads\/2021\/04\/logo-icon.svg","contentUrl":"https:\/\/bmmaf.org\/wp-content\/uploads\/2021\/04\/logo-icon.svg","width":1,"height":1,"caption":"BMMAF"},"image":{"@id":"https:\/\/bmmaf.org\/fr\/#\/schema\/logo\/image\/"}}]}},"builder_content":"<p><h5-page-header>The Team<\/h5-page-header><\/p>\n<img src=\"http:\/\/bmmaf.org\/wp-content\/uploads\/2021\/06\/ludovic-boulvin-profile.jpg\" width=\"1079\" height=\"1079\" title=\"Ludo Boulvin\" alt=\"President \/ General Management\"> <h3> Ludo Boulvin <\/h3> President \/ General Management\n<ul><li><h4>BIO<\/h4><p>Pionnier du MMA en Belgique, il est un ancien combattant professionnel de MMA et est un \u00e9l\u00e8ve direct de Vitor Shaolin Ribeiro (multiple champion\u00a0du monde de BJJ, Shooto\u2026). Malgr\u00e9 l\u2019absence d\u2019un coach en Belgique, il a obtenu plusieurs titres lors de sa carri\u00e8re (champion de Belgique,\u00a0champion d'Europe de Shooto amateur, championnats du monde Pankration). Il a fond\u00e9 la f\u00e9d\u00e9ration en 2006 et travaille depuis lors \u00e0 favoriser le\u00a0d\u00e9veloppement d\u2019une structure qui lui a manqu\u00e9 lors de sa carri\u00e8re.<\/p> <p>Il a trouv\u00e9 dans le MMA la discipline, le courage et la motivation n\u00e9cessaires au d\u00e9veloppement de chacun. Ces qualit\u00e9 lui ont \u00e9galement permis d\u2019\u00a0\u00e9voluer professionnellement, il est \u00e0 pr\u00e9sent Directeur (Corporate Digital Channels) dans une entreprise internationale.<\/p><\/li><\/ul>\n<img src=\"http:\/\/bmmaf.org\/wp-content\/uploads\/2021\/06\/tommy-depret-profile.jpg\" width=\"1079\" height=\"1079\" title=\"Tommy Depret\" alt=\"Vice President \/ National Team Head Coach\"> <h3> Tommy Depret <\/h3> Vice President \/ National Team Head Coach\n<ul><li><h4>BIO<\/h4><p>Tommy Depret, \u00e9galement connu sous le nom de \"The Unbreakable\", est un ancien combattant professionnel de MMA. Au cours de sa carri\u00e8re, il a\u00a0obtenu de nombreux titres: champion de Belgique, champion d'Europe et vice-champion du monde (Shooto).Il a combattu dans des \u00e9v\u00e9nements\u00a0majeurs comme Jungle Fight, M-1, Shooto Brazil, Glory, Fightor et Cage Warriors et a battu \u00e0 plusieurs reprises des v\u00e9t\u00e9rans de l'UFC (David\u00a0Bielkheden, Roan Carneiro et John Maguire, entre autres). Il est \u00e9galement le Head Coach de l\u2019\u00e9quipe nationale, en charge de la s\u00e9lection et de\u00a0l\u2019encadrement des meilleurs talents belges.<\/p><\/li><\/ul>\n<img src=\"http:\/\/bmmaf.org\/wp-content\/uploads\/2021\/06\/mechel-goessens-profile.jpg\" width=\"1079\" height=\"1079\" title=\"Mechel Goessens\" alt=\"Treasury \/ Gyms &amp; Athletes Management, MMA Girls\"> <h3> Mechel Goessens <\/h3> Treasury \/ Gyms &amp; Athletes Management, MMA Girls\n<ul><li><h4>BIO<\/h4><p>Mechel a commenc\u00e9 \u00e0 pratiquer le MMA apr\u00e8s une rencontre avec Ludo Boulvin lors d\u2019une mission en tant que consultante au sein de leur milieu\u00a0professionnel. Intrigu\u00e9e par sa passion pour la discipline, elle a rejoint la Vitor Shaolin Team et a commenc\u00e9 \u00e0 partager cette passion, elle est<br \/>maintenant comp\u00e9titrice de MMA amateur en Belgique et soutien la f\u00e9d\u00e9ration en s\u2019occupant des affiliations clubs et athl\u00e8tes et en organisant des\u00a0initiatives pour promouvoir le sport de MMA pour les filles.. Dans la vie professionnelle, elle est Key Account Manager pour une entreprise\u00a0internationale.<\/p><\/li><\/ul>","_links":{"self":[{"href":"https:\/\/bmmaf.org\/fr\/wp-json\/wp\/v2\/pages\/242","targetHints":{"allow":["GET"]}}],"collection":[{"href":"https:\/\/bmmaf.org\/fr\/wp-json\/wp\/v2\/pages"}],"about":[{"href":"https:\/\/bmmaf.org\/fr\/wp-json\/wp\/v2\/types\/page"}],"author":[{"embeddable":true,"href":"https:\/\/bmmaf.org\/fr\/wp-json\/wp\/v2\/users\/3"}],"replies":[{"embeddable":true,"href":"https:\/\/bmmaf.org\/fr\/wp-json\/wp\/v2\/comments?post=242"}],"version-history":[{"count":22,"href":"https:\/\/bmmaf.org\/fr\/wp-json\/wp\/v2\/pages\/242\/revisions"}],"predecessor-version":[{"id":1724,"href":"https:\/\/bmmaf.org\/fr\/wp-json\/wp\/v2\/pages\/242\/revisions\/1724"}],"wp:attachment":[{"href":"https:\/\/bmmaf.org\/fr\/wp-json\/wp\/v2\/media?parent=242"}],"curies":[{"name":"wp","href":"https:\/\/api.w.org\/{rel}","templated":true}]}}